{"id":2645,"date":"2017-03-25T23:13:07","date_gmt":"2017-03-25T22:13:07","guid":{"rendered":"http:\/\/maisonafricaine.be\/fr\/?page_id=2645"},"modified":"2018-09-25T17:52:41","modified_gmt":"2018-09-25T16:52:41","slug":"dans-notre-entourage","status":"publish","type":"page","link":"https:\/\/maisonafricaine.be\/fr\/dans-notre-entourage\/","title":{"rendered":"Activit\u00e9s connexes"},"content":{"rendered":"<div id=\"pl-2645\"  class=\"panel-layout\" ><div id=\"pg-2645-0\"  class=\"panel-grid panel-no-style\" ><div id=\"pgc-2645-0-0\"  class=\"panel-grid-cell\" ><div id=\"panel-2645-0-0-0\" class=\"so-panel widget widget_sow-editor panel-first-child panel-last-child\" data-index=\"0\" ><div\n\t\t\t\n\t\t\tclass=\"so-widget-sow-editor so-widget-sow-editor-base\"\n\t\t\t\n\t\t><h3 class=\"widget-title\">L'Afrique n'a jamais connu de dieux<\/h3>\n<div class=\"siteorigin-widget-tinymce textwidget\">\n\t<div class=\"page\" title=\"Page 1\">\n<div class=\"section\">\n<div class=\"layoutArea\">\n<div class=\"column\">\n<div class=\"page\" title=\"Page 1\">\n<div class=\"section\">\n<div class=\"layoutArea\">\n<div class=\"column\">\n<p><strong>Confe\u0301rence de Michael Singleton, Professeur e\u0301me\u0301rite de l\u2019Universite\u0301 Catholique de Louvain<\/strong><\/p>\n<\/div>\n<\/div>\n<\/div>\n<\/div>\n<p>Anthropologue et africaniste d\u2019exceptionnelle renomme\u0301e, Michael Singleton soutient une the\u0300se qui de\u0301plai\u0302t a\u0300 beaucoup, croyants ou non croyants : avant la colonisation, avant sa \u00ab rencontre \u00bb avec l\u2019une ou l\u2019autre religion du Livre, l\u2019Afrique centrale, pas plus qu\u2019elle n\u2019a connu le \u00ab politique \u00bb, n\u2019a rien connu de ce que l\u2019on nomme religion. Tout au plus peut-on parler d\u2019une philosophie, ge\u0301ne\u0301ralement teinte\u0301e d\u2019optimisme.<\/p>\n<p>Le proble\u0300me peut re\u0301sider dans cette appellation me\u0302me de \u00ab religion \u00bb : a\u0300 force de vouloir absolument en voir partout, on aboutit sous ce terme a\u0300 une notion extre\u0302mement pauvre, re\u0301siduelle sinon vide de sens. Un peu comme si, a\u0300 force d\u2019enlever les couches qui forment un oignon, il n\u2019en restait plus rien...<\/p>\n<p>De\u0300s 2014, l\u2019Association Belge des Athe\u0301es s\u2019est soucie\u0301e d\u2019approfondir le sens de l\u2019athe\u0301isme et de la religion dans les diverses parties du monde, notamment en Asie et en Extre\u0302me-Orient, mais n\u2019avait pas pu encore examiner la proble\u0301matique africaine.<\/p>\n<p>Cette confe\u0301rence constitue une premie\u0300re e\u0301tape de l\u2019e\u0301tude qu\u2019elle souhaite mener.<\/p>\n<p>&nbsp;<\/p>\n<p style=\"text-align: left;\"><strong>O\u00f9:<\/strong> Centre culturel les Riches-Claires (24 Rue des Riches Claires, 1000 Bruxelles)<\/p>\n<p style=\"text-align: left;\"><strong>Quand:<\/strong> Jeudi 4 octobre 2018<\/p>\n<p style=\"text-align: left;\"><strong>Prix:\u00a0<\/strong>PAF: 5 euros \/ Membres et moins de 25 ans: 2 euros<\/p>\n<\/div>\n<\/div>\n<\/div>\n<\/div>\n<\/div>\n<\/div><\/div><\/div><div id=\"pgc-2645-0-1\"  class=\"panel-grid-cell\" ><div id=\"panel-2645-0-1-0\" class=\"so-panel widget widget_sow-image panel-first-child panel-last-child\" data-index=\"1\" ><div\n\t\t\t\n\t\t\tclass=\"so-widget-sow-image so-widget-sow-image-default-8b5b6f678277-2645\"\n\t\t\t\n\t\t>\n<div class=\"sow-image-container\">\n\t\t<img \n\tsrc=\"https:\/\/maisonafricaine.be\/fr\/wp-content\/uploads\/2018\/09\/Capture-d\u2019e\u0301cran-2018-09-25-a\u0300-18.42.14.png\" width=\"366\" height=\"497\" srcset=\"https:\/\/maisonafricaine.be\/fr\/wp-content\/uploads\/2018\/09\/Capture-d\u2019e\u0301cran-2018-09-25-a\u0300-18.42.14.png 366w, https:\/\/maisonafricaine.be\/fr\/wp-content\/uploads\/2018\/09\/Capture-d\u2019e\u0301cran-2018-09-25-a\u0300-18.42.14-221x300.png 221w\" sizes=\"(max-width: 366px) 100vw, 366px\" title=\"Capture d\u2019e\u0301cran 2018-09-25 a\u0300 18.42.14\" alt=\"\" \t\tclass=\"so-widget-image\"\/>\n\t<\/div>\n\n<\/div><\/div><\/div><\/div><div id=\"pg-2645-1\"  class=\"panel-grid panel-no-style\" ><div id=\"pgc-2645-1-0\"  class=\"panel-grid-cell\" ><div id=\"panel-2645-1-0-0\" class=\"so-panel widget widget_sow-editor panel-first-child panel-last-child\" data-index=\"2\" ><div\n\t\t\t\n\t\t\tclass=\"so-widget-sow-editor so-widget-sow-editor-base\"\n\t\t\t\n\t\t><h3 class=\"widget-title\">Festiv\u2019Africa ! - 4\u00e8me \u00e9dition<\/h3>\n<div class=\"siteorigin-widget-tinymce textwidget\">\n\t<p>29\/09\/2018<\/p>\n<p>La MC Saint-Michel, l'asbl Vitrine Africaine, Solidarit\u00e9 Mondiale et la commune d'Anderlecht vous invitent \u00e0 la 4e \u00e9dition de <strong>Festiv\u2019Africa<\/strong>!<\/p>\n<p>Plus de 30 associations vous fixent rendez-vous le samedi 29 septembre 2018 pour une journ\u00e9e festive, familiale et multiculturelle.<\/p>\n<p>Au programme : village associatif, musique, danse, artisanat, d\u00e9fil\u00e9s de mode, activit\u00e9s pour enfants\u2026 Bar et restauration sur place. Le tout <strong>aux couleurs de l\u2019Afrique ! <\/strong><\/p>\n<p><strong><br \/>\nEntr\u00e9e gratuite!<\/strong><br \/>\nOuvert \u00e0 tous, petits et grands.<\/p>\n<p>&nbsp;<\/p>\n<p><strong>Samedi 29 septembre 2018 de 12h \u00e0 20h<\/strong><\/p>\n<p>Au Recy-K - rue de Birmingham 102, 1070 Anderlecht<\/p>\n<p>M\u00e9tro Delacroix<\/p>\n<p>&nbsp;<\/p>\n<p>Plus d\u2019infos : www.mc.be\/festivafrica \u2022 02\/501.51.96 \u2022\u00a0cooperation.bxl@mc.be<\/p>\n<p><a href=\"https:\/\/www.facebook.com\/festivafrica.be\/\">Retrouvez\u00a0Festiv'Africa sur Facebook!<\/a><\/p>\n<\/div>\n<\/div><\/div><\/div><div id=\"pgc-2645-1-1\"  class=\"panel-grid-cell\" ><div id=\"panel-2645-1-1-0\" class=\"so-panel widget widget_sow-image panel-first-child panel-last-child\" data-index=\"3\" ><div\n\t\t\t\n\t\t\tclass=\"so-widget-sow-image so-widget-sow-image-default-8b5b6f678277-2645\"\n\t\t\t\n\t\t>\n<div class=\"sow-image-container\">\n\t\t<img \n\tsrc=\"https:\/\/maisonafricaine.be\/fr\/wp-content\/uploads\/2018\/09\/MaisonAfricaine_website_visu_679x950.jpg\" width=\"679\" height=\"950\" srcset=\"https:\/\/maisonafricaine.be\/fr\/wp-content\/uploads\/2018\/09\/MaisonAfricaine_website_visu_679x950.jpg 679w, https:\/\/maisonafricaine.be\/fr\/wp-content\/uploads\/2018\/09\/MaisonAfricaine_website_visu_679x950-214x300.jpg 214w, https:\/\/maisonafricaine.be\/fr\/wp-content\/uploads\/2018\/09\/MaisonAfricaine_website_visu_679x950-600x839.jpg 600w\" sizes=\"(max-width: 679px) 100vw, 679px\" alt=\"\" \t\tclass=\"so-widget-image\"\/>\n\t<\/div>\n\n<\/div><\/div><\/div><\/div><div id=\"pg-2645-2\"  class=\"panel-grid panel-no-style\" ><div id=\"pgc-2645-2-0\"  class=\"panel-grid-cell\" ><div id=\"panel-2645-2-0-0\" class=\"so-panel widget widget_sow-editor panel-first-child panel-last-child\" data-index=\"4\" ><div\n\t\t\t\n\t\t\tclass=\"so-widget-sow-editor so-widget-sow-editor-base\"\n\t\t\t\n\t\t><h3 class=\"widget-title\">Aim\u00e9 MPANE. J'ai oubli\u00e9 de r\u00eaver<\/h3>\n<div class=\"siteorigin-widget-tinymce textwidget\">\n\t<p>31\/03\/2017<\/p>\n<p>Pour le trenti\u00e8me anniversaire du MiLL (La Louvi\u00e8re) en 2017, le choix du mus\u00e9e s\u2019est port\u00e9 sur un des artistes actuels africains, Aim\u00e9 MPANE.<\/p>\n<p>Une vingtaine de bas-reliefs peints, une dizaine de sculptures et 6 installations occuperont les salles d\u2019exposition du 1\/04 au 11\/06. Une s\u00e9rie color\u00e9e de portraits taill\u00e9s \u00e0 l\u2019herminette et un Saint S\u00e9bastien grandeur nature dialogueront directement avec les oeuvres de Ianchelevici dans l\u2019espace de la collection permanente.<\/p>\n<p>La conf\u00e9rence de presse inaugurale de cette exposition se tiendra le vendredi 31 mars \u00e0 10h30.<\/p>\n<p>Nous vous attendons en grand nombre!<\/p>\n<p>Pour vous inscrire, merci de remplir l'invitation ci-jointe et de la\u00a0retourner \u00e0 info@caracascom.com - T +32 (0)495 22 07 92<\/p>\n<p><a href=\"http:\/\/maisonafricaine.be\/fr\/wp-content\/uploads\/2017\/03\/Invitation-Aime_Mpane-MiLL-FR.pdf\">Invitation<\/a><\/p>\n<p><a href=\"http:\/\/maisonafricaine.be\/fr\/wp-content\/uploads\/2017\/03\/DP-Aime_Mpane-J_ai_oublie_de_rever-FR-.pdf\">Programme<\/a>\u00a0<\/p>\n<p><a href=\"http:\/\/www.ianchelevici.be\/expositions\/a-venir\/aime-mpane-jai-oublie-de-rever\">Pour de plus amples informations, cliquez ici!<\/a><\/p>\n<p>\u00a0<\/p>\n<\/div>\n<\/div><\/div><\/div><div id=\"pgc-2645-2-1\"  class=\"panel-grid-cell\" ><div id=\"panel-2645-2-1-0\" class=\"so-panel widget widget_sow-image panel-first-child panel-last-child\" data-index=\"5\" ><div\n\t\t\t\n\t\t\tclass=\"so-widget-sow-image so-widget-sow-image-default-8b5b6f678277-2645\"\n\t\t\t\n\t\t>\n<div class=\"sow-image-container\">\n\t\t<img \n\tsrc=\"https:\/\/maisonafricaine.be\/fr\/wp-content\/uploads\/2017\/03\/What_is_peacecAime_MpanecMusee_Ianchelevici-.jpg\" width=\"2362\" height=\"1319\" srcset=\"https:\/\/maisonafricaine.be\/fr\/wp-content\/uploads\/2017\/03\/What_is_peacecAime_MpanecMusee_Ianchelevici-.jpg 2362w, https:\/\/maisonafricaine.be\/fr\/wp-content\/uploads\/2017\/03\/What_is_peacecAime_MpanecMusee_Ianchelevici--300x168.jpg 300w, https:\/\/maisonafricaine.be\/fr\/wp-content\/uploads\/2017\/03\/What_is_peacecAime_MpanecMusee_Ianchelevici--768x429.jpg 768w, https:\/\/maisonafricaine.be\/fr\/wp-content\/uploads\/2017\/03\/What_is_peacecAime_MpanecMusee_Ianchelevici--1024x572.jpg 1024w, https:\/\/maisonafricaine.be\/fr\/wp-content\/uploads\/2017\/03\/What_is_peacecAime_MpanecMusee_Ianchelevici--600x335.jpg 600w\" sizes=\"(max-width: 2362px) 100vw, 2362px\" title=\"What_is_peace(c)Aime_Mpane(c)Musee_Ianchelevici&#8211;\" alt=\"\" \t\tclass=\"so-widget-image\"\/>\n\t<\/div>\n\n<\/div><\/div><\/div><\/div><\/div>","protected":false},"excerpt":{"rendered":"<p>Confe\u0301rence de Michael Singleton, Professeur e\u0301me\u0301rite de l\u2019Universite\u0301 Catholique de Louvain Anthropologue et africaniste d\u2019exceptionnelle renomme\u0301e, Michael Singleton soutient une the\u0300se qui de\u0301plai\u0302t a\u0300 beaucoup, croyants ou non croyants : avant la colonisation, avant sa \u00ab rencontre \u00bb avec l\u2019une ou l\u2019autre religion du Livre, l\u2019Afrique centrale, pas plus qu\u2019elle [&hellip;]<\/p>\n","protected":false},"author":1,"featured_media":0,"parent":0,"menu_order":0,"comment_status":"closed","ping_status":"closed","template":"","meta":{"footnotes":""},"class_list":["post-2645","page","type-page","status-publish","hentry"],"_links":{"self":[{"href":"https:\/\/maisonafricaine.be\/fr\/wp-json\/wp\/v2\/pages\/2645","targetHints":{"allow":["GET"]}}],"collection":[{"href":"https:\/\/maisonafricaine.be\/fr\/wp-json\/wp\/v2\/pages"}],"about":[{"href":"https:\/\/maisonafricaine.be\/fr\/wp-json\/wp\/v2\/types\/page"}],"author":[{"embeddable":true,"href":"https:\/\/maisonafricaine.be\/fr\/wp-json\/wp\/v2\/users\/1"}],"replies":[{"embeddable":true,"href":"https:\/\/maisonafricaine.be\/fr\/wp-json\/wp\/v2\/comments?post=2645"}],"version-history":[{"count":11,"href":"https:\/\/maisonafricaine.be\/fr\/wp-json\/wp\/v2\/pages\/2645\/revisions"}],"predecessor-version":[{"id":2750,"href":"https:\/\/maisonafricaine.be\/fr\/wp-json\/wp\/v2\/pages\/2645\/revisions\/2750"}],"wp:attachment":[{"href":"https:\/\/maisonafricaine.be\/fr\/wp-json\/wp\/v2\/media?parent=2645"}],"curies":[{"name":"wp","href":"https:\/\/api.w.org\/{rel}","templated":true}]}}